{"id":238012,"date":"2025-02-07T13:52:21","date_gmt":"2025-02-07T13:52:21","guid":{"rendered":"https:\/\/www.domaine-fritsch.envol-dev.com\/startseite\/"},"modified":"2025-09-26T11:48:26","modified_gmt":"2025-09-26T11:48:26","slug":"startseite","status":"publish","type":"page","link":"https:\/\/domaine-fritsch.com\/de\/","title":{"rendered":"Startseite"},"content":{"rendered":"<p>[et_pb_section fb_built=&#8220;1&#8243; admin_label=&#8220;Header&#8220; _builder_version=&#8220;4.27.4&#8243; _module_preset=&#8220;947731d3-d6c4-4003-9f9f-01cd6811d102&#8243; hover_enabled=&#8220;0&#8243; global_colors_info=&#8220;{}&#8220; title_text=&#8220;02&#8243; background_image=&#8220;https:\/\/domaine-fritsch.com\/wp-content\/uploads\/2025\/02\/02.jpg&#8220; sticky_enabled=&#8220;0&#8243;][et_pb_row _builder_version=&#8220;4.27.4&#8243; _module_preset=&#8220;default&#8220; global_colors_info=&#8220;{}&#8220;][et_pb_column type=&#8220;4_4&#8243; _builder_version=&#8220;4.27.4&#8243; _module_preset=&#8220;default&#8220; global_colors_info=&#8220;{}&#8220;][dipl_double_color_heading heading_pre_part=&#8220;Nat\u00fcrliche Weine,&#8220; heading_main_part=&#8220;mit Respekt und Wissen gez\u00fcchtet werden&#8220; _builder_version=&#8220;4.27.4&#8243; _module_preset=&#8220;cd4bc3ba-3cd8-4205-b033-7507422efb30&#8243; global_heading_settings_level=&#8220;h3&#8243; position_origin_r=&#8220;bottom_left&#8220; global_colors_info=&#8220;{}&#8220;][\/dipl_double_color_heading][\/et_pb_column][\/et_pb_row][\/et_pb_section][et_pb_section fb_built=&#8220;1&#8243; admin_label=&#8220;Domaine Fritsch&#8220; _builder_version=&#8220;4.27.4&#8243; _module_preset=&#8220;default&#8220; global_colors_info=&#8220;{}&#8220;][et_pb_row column_structure=&#8220;1_2,1_2&#8243; _builder_version=&#8220;4.27.4&#8243; _module_preset=&#8220;5ff29c2b-51a6-4a70-be05-1f23a8c05d5b&#8220; global_colors_info=&#8220;{}&#8220;][et_pb_column type=&#8220;1_2&#8243; _builder_version=&#8220;4.27.4&#8243; _module_preset=&#8220;default&#8220; global_colors_info=&#8220;{}&#8220;][dipl_double_color_heading heading_pre_part=&#8220;Wer sind wir?&#8220; heading_main_part=&#8220;Dom\u00e4ne Fritsch&#8220; heading_post_part=&#8220;Familienweingut&#8220; display_in_stack=&#8220;on&#8220; _builder_version=&#8220;4.27.4&#8243; _module_preset=&#8220;9368657c-b42a-4a17-93e9-b797fd8cc36f&#8220; global_colors_info=&#8220;{}&#8220;][\/dipl_double_color_heading][\/et_pb_column][et_pb_column type=&#8220;1_2&#8243; _builder_version=&#8220;4.27.4&#8243; _module_preset=&#8220;default&#8220; global_colors_info=&#8220;{}&#8220;][et_pb_text _builder_version=&#8220;4.27.4&#8243; _module_preset=&#8220;9dca8150-b708-4a54-8d5e-9f9184724954&#8243; custom_margin=&#8220;3rem||||false|false&#8220; custom_margin_tablet=&#8220;0rem||||false|false&#8220; custom_margin_phone=&#8220;0rem||||false|false&#8220; custom_margin_last_edited=&#8220;on|tablet&#8220; global_colors_info=&#8220;{}&#8220;]<\/p>\n<p>Das Weingut befindet sich in Marlenheim, am n\u00f6rdlichen Tor der Els\u00e4ssischen Weinstra\u00dfe. Seit mehreren Generationen bauen wir mit Leidenschaft Wein an und sind heute die vierte Generation von Weinbauern. Wir w\u00fcrden uns freuen, Sie auf unserem Familienweingut begr\u00fc\u00dfen zu d\u00fcrfen, um unser Sortiment an els\u00e4ssischen Bioweinen und unsere verschiedenen Cuv\u00e9es zu entdecken.  <\/p>\n<p>[\/et_pb_text][et_pb_button button_url=&#8220;@ET-DC@eyJkeW5hbWljIjp0cnVlLCJjb250ZW50IjoicG9zdF9saW5rX3VybF9wYWdlIiwic2V0dGluZ3MiOnsicG9zdF9pZCI6IjMxIiwiZW5hYmxlX2h0bWwiOiJvZmYifX0=@&#8220; button_text=&#8220;Weitere Informationen&#8220; _builder_version=&#8220;4.27.4&#8243; _dynamic_attributes=&#8220;button_url&#8220; _module_preset=&#8220;d5127c9c-c7f6-4e46-abe1-5a791790a0f1&#8243; hover_enabled=&#8220;0&#8243; global_colors_info=&#8220;{}&#8220; sticky_enabled=&#8220;0&#8243;][\/et_pb_button][\/et_pb_column][\/et_pb_row][\/et_pb_section][et_pb_section fb_built=&#8220;1&#8243; prev_background_color=&#8220;#ffffff&#8220; next_background_color=&#8220;#ffffff&#8220; admin_label=&#8220;Chiffres cl\u00e9s&#8220; _builder_version=&#8220;4.27.4&#8243; _module_preset=&#8220;default&#8220; use_background_color_gradient=&#8220;on&#8220; background_color_gradient_stops=&#8220;rgba(0,0,0,0.5) 0%|rgba(0,0,0,0.5) 99%&#8220; background_color_gradient_overlays_image=&#8220;on&#8220; background_image=&#8220;https:\/\/domaine-fritsch.com\/wp-content\/uploads\/2025\/02\/03.jpg&#8220; custom_margin=&#8220;||||false|false&#8220; custom_padding=&#8220;||||false|false&#8220; top_divider_style=&#8220;slant&#8220; bottom_divider_style=&#8220;slant&#8220; global_colors_info=&#8220;{}&#8220;][et_pb_row column_structure=&#8220;1_3,1_3,1_3&#8243; _builder_version=&#8220;4.27.4&#8243; _module_preset=&#8220;default&#8220; custom_margin=&#8220;5rem||5rem||false|false&#8220; custom_padding=&#8220;||||false|false&#8220; global_colors_info=&#8220;{}&#8220;][et_pb_column type=&#8220;1_3&#8243; _builder_version=&#8220;4.27.4&#8243; _module_preset=&#8220;default&#8220; global_colors_info=&#8220;{}&#8220;][et_pb_number_counter title=&#8220;Hektar Weinberge&#8220; number=&#8220;7&#8243; percent_sign=&#8220;off&#8220; _builder_version=&#8220;4.27.4&#8243; _module_preset=&#8220;49eca5cc-be0a-47b8-923e-baf264c1ab3e&#8220; global_colors_info=&#8220;{}&#8220;][\/et_pb_number_counter][\/et_pb_column][et_pb_column type=&#8220;1_3&#8243; _builder_version=&#8220;4.27.4&#8243; _module_preset=&#8220;default&#8220; global_colors_info=&#8220;{}&#8220;][et_pb_number_counter title=&#8220;Rebsorten&#8220; number=&#8220;10&#8243; percent_sign=&#8220;off&#8220; _builder_version=&#8220;4.27.4&#8243; _module_preset=&#8220;49eca5cc-be0a-47b8-923e-baf264c1ab3e&#8220; global_colors_info=&#8220;{}&#8220;][\/et_pb_number_counter][\/et_pb_column][et_pb_column type=&#8220;1_3&#8243; _builder_version=&#8220;4.27.4&#8243; _module_preset=&#8220;default&#8220; global_colors_info=&#8220;{}&#8220;][et_pb_number_counter title=&#8220;Generationen&#8220; number=&#8220;4&#8243; percent_sign=&#8220;off&#8220; _builder_version=&#8220;4.27.4&#8243; _module_preset=&#8220;49eca5cc-be0a-47b8-923e-baf264c1ab3e&#8220; global_colors_info=&#8220;{}&#8220;][\/et_pb_number_counter][\/et_pb_column][\/et_pb_row][\/et_pb_section][et_pb_section fb_built=&#8220;1&#8243; admin_label=&#8220;Vins&#8220; _builder_version=&#8220;4.27.4&#8243; _module_preset=&#8220;default&#8220; global_colors_info=&#8220;{}&#8220;][et_pb_row _builder_version=&#8220;4.27.4&#8243; _module_preset=&#8220;default&#8220; global_colors_info=&#8220;{}&#8220;][et_pb_column type=&#8220;4_4&#8243; _builder_version=&#8220;4.27.4&#8243; _module_preset=&#8220;default&#8220; global_colors_info=&#8220;{}&#8220;][et_pb_shop type=&#8220;product_category&#8220; posts_number=&#8220;4&#8243; include_categories=&#8220;35&#8243; columns_number=&#8220;4&#8243; _builder_version=&#8220;4.27.4&#8243; _module_preset=&#8220;8c8d41a6-d069-430f-870c-a4a042bb75ea&#8220; global_colors_info=&#8220;{}&#8220;][\/et_pb_shop][et_pb_button button_url=&#8220;@ET-DC@eyJkeW5hbWljIjp0cnVlLCJjb250ZW50IjoicG9zdF9saW5rX3VybF9wYWdlIiwic2V0dGluZ3MiOnsicG9zdF9pZCI6IjY0IiwiZW5hYmxlX2h0bWwiOiJvZmYifX0=@&#8220; button_text=&#8220;Alle unsere Weine&#8220; button_alignment=&#8220;center&#8220; _builder_version=&#8220;4.27.4&#8243; _dynamic_attributes=&#8220;button_url&#8220; _module_preset=&#8220;d5127c9c-c7f6-4e46-abe1-5a791790a0f1&#8243; global_colors_info=&#8220;{}&#8220;][\/et_pb_button][\/et_pb_column][\/et_pb_row][\/et_pb_section][et_pb_section fb_built=&#8220;1&#8243; prev_background_color=&#8220;#ffffff&#8220; next_background_color=&#8220;#ffffff&#8220; admin_label=&#8220;Philosophie&#8220; _builder_version=&#8220;4.27.4&#8243; _module_preset=&#8220;default&#8220; use_background_color_gradient=&#8220;on&#8220; background_color_gradient_stops=&#8220;rgba(0,0,0,0.5) 0%|rgba(0,0,0,0.5) 99%&#8220; background_color_gradient_overlays_image=&#8220;on&#8220; background_image=&#8220;https:\/\/domaine-fritsch.com\/wp-content\/uploads\/2025\/02\/02.jpg&#8220; custom_margin=&#8220;||||false|false&#8220; custom_padding=&#8220;||||false|false&#8220; top_divider_style=&#8220;slant&#8220; bottom_divider_style=&#8220;slant&#8220; global_colors_info=&#8220;{}&#8220;][et_pb_row column_structure=&#8220;1_2,1_2&#8243; _builder_version=&#8220;4.27.4&#8243; _module_preset=&#8220;default&#8220; custom_margin=&#8220;5rem||5rem||false|false&#8220; custom_padding=&#8220;||||false|false&#8220; global_colors_info=&#8220;{}&#8220;][et_pb_column type=&#8220;1_2&#8243; _builder_version=&#8220;4.27.4&#8243; _module_preset=&#8220;default&#8220; global_colors_info=&#8220;{}&#8220;][dipl_double_color_heading heading_pre_part=&#8220;Unsere Philosophie&#8220; heading_main_part=&#8220;Unser Terroir zum Ausdruck bringen&#8220; heading_post_part=&#8220;und unser Know-how&#8220; display_in_stack=&#8220;on&#8220; _builder_version=&#8220;4.27.4&#8243; _module_preset=&#8220;9368657c-b42a-4a17-93e9-b797fd8cc36f&#8220; pre_header_text_color=&#8220;#FFFFFF&#8220; main_header_text_color=&#8220;#FFFFFF&#8220; post_header_text_color=&#8220;#FFFFFF&#8220; global_colors_info=&#8220;{}&#8220;][\/dipl_double_color_heading][\/et_pb_column][et_pb_column type=&#8220;1_2&#8243; _builder_version=&#8220;4.27.4&#8243; _module_preset=&#8220;default&#8220; global_colors_info=&#8220;{}&#8220;][et_pb_text _builder_version=&#8220;4.27.4&#8243; _module_preset=&#8220;9dca8150-b708-4a54-8d5e-9f9184724954&#8243; text_text_color=&#8220;RGBA(255,255,255,0.8)&#8220; custom_margin=&#8220;||0px||false|false&#8220; custom_padding=&#8220;||||false|false&#8220; global_colors_info=&#8220;{}&#8220;]<\/p>\n<p>Auf der Domaine Fritsch ist der Weinbau eine Familiengeschichte, die seit mehreren Generationen weitergegeben wird. Auf der Grundlage unserer Erfahrung und unseres Know-hows zielen unsere Weinbereitungsmethoden darauf ab, den Ausdruck unseres Terroirs zu f\u00f6rdern. Zwischen dem Respekt der Traditionen und der Offenheit f\u00fcr Innovationen passen wir unsere Arbeitsmethoden an, um uns in Richtung eines nachhaltigeren Weinbaus zu entwickeln.  <\/p>\n<p>[\/et_pb_text][et_pb_button button_url=&#8220;@ET-DC@eyJkeW5hbWljIjp0cnVlLCJjb250ZW50IjoicG9zdF9saW5rX3VybF9wYWdlIiwic2V0dGluZ3MiOnsicG9zdF9pZCI6IjMxIiwiZW5hYmxlX2h0bWwiOiJvZmYifX0=@&#8220; button_text=&#8220;Weitere Informationen&#8220; _builder_version=&#8220;4.27.4&#8243; _dynamic_attributes=&#8220;button_url&#8220; _module_preset=&#8220;b45408ed-cff4-4905-ac68-981cf594da85&#8243; global_colors_info=&#8220;{}&#8220;][\/et_pb_button][\/et_pb_column][\/et_pb_row][\/et_pb_section][et_pb_section fb_built=&#8220;1&#8243; _builder_version=&#8220;4.27.4&#8243; _module_preset=&#8220;default&#8220; global_colors_info=&#8220;{}&#8220;][et_pb_row column_structure=&#8220;1_2,1_2&#8243; _builder_version=&#8220;4.27.4&#8243; _module_preset=&#8220;default&#8220; custom_padding=&#8220;||27px|||&#8220; global_colors_info=&#8220;{}&#8220;][et_pb_column type=&#8220;1_2&#8243; _builder_version=&#8220;4.27.4&#8243; _module_preset=&#8220;default&#8220; global_colors_info=&#8220;{}&#8220;][dipl_double_color_heading heading_pre_part=&#8220;Verkosten Sie&#8220; heading_main_part=&#8220;Kommen Sie und probieren Sie&#8220; heading_post_part=&#8220;die Weine von Domaine Fritsch&#8220; display_in_stack=&#8220;on&#8220; _builder_version=&#8220;4.27.4&#8243; _module_preset=&#8220;9368657c-b42a-4a17-93e9-b797fd8cc36f&#8220; global_colors_info=&#8220;{}&#8220;][\/dipl_double_color_heading][et_pb_text _builder_version=&#8220;4.27.4&#8243; _module_preset=&#8220;9dca8150-b708-4a54-8d5e-9f9184724954&#8243; global_colors_info=&#8220;{}&#8220;]<\/p>\n<p>Erfahren Sie mehr \u00fcber unsere Weine und unsere Leidenschaft. Wir begr\u00fc\u00dfen Sie auf unserem Weingut, damit Sie unsere Weine direkt vor Ort kennen lernen k\u00f6nnen. W\u00e4hrend Ihres Besuchs werden wir Ihnen eine Auswahl unserer Rebsorten, die aus unserem Familienwissen hervorgegangen sind, zur Verkostung anbieten. Wir begr\u00fc\u00dfen auch Gruppen bis zu 35 Personen mit der M\u00f6glichkeit, einen typischen Snack aus der Region zu probieren.   <\/p>\n<p>[\/et_pb_text][et_pb_button button_url=&#8220;@ET-DC@eyJkeW5hbWljIjp0cnVlLCJjb250ZW50IjoicG9zdF9saW5rX3VybF9wYWdlIiwic2V0dGluZ3MiOnsicG9zdF9pZCI6IjM4IiwiZW5hYmxlX2h0bWwiOiJvZmYifX0=@&#8220; button_text=&#8220;Kommen und probieren&#8220; _builder_version=&#8220;4.27.4&#8243; _dynamic_attributes=&#8220;button_url&#8220; _module_preset=&#8220;d5127c9c-c7f6-4e46-abe1-5a791790a0f1&#8243; global_colors_info=&#8220;{}&#8220;][\/et_pb_button][\/et_pb_column][et_pb_column type=&#8220;1_2&#8243; _builder_version=&#8220;4.27.4&#8243; _module_preset=&#8220;default&#8220; global_colors_info=&#8220;{}&#8220;][et_pb_image src=&#8220;https:\/\/domaine-fritsch.com\/wp-content\/uploads\/2025\/02\/Jeremie-1.jpg&#8220; title_text=&#8220;Jeremie&#8220; _builder_version=&#8220;4.27.4&#8243; _module_preset=&#8220;default&#8220; custom_margin=&#8220;||||false|false&#8220; custom_margin_tablet=&#8220;3rem||||false|false&#8220; custom_margin_phone=&#8220;3rem||||false|false&#8220; custom_margin_last_edited=&#8220;on|tablet&#8220; global_colors_info=&#8220;{}&#8220;][\/et_pb_image][\/et_pb_column][\/et_pb_row][\/et_pb_section]<\/p>\n","protected":false},"excerpt":{"rendered":"<p><div class=\"et_pb_module dipl_double_color_heading dipl_double_color_heading_0 et_animated \">\n\t\t\t\t\n\t\t\t\t\n\t\t\t\t\n\t\t\t\t\n\t\t\t\t\n\t\t\t\t\n\t\t\t\t<div class=\"et_pb_module_inner\">\n\t\t\t\t\t<div class=\"dipl_text_wrapper\"><h3><span class=\"dipl_pre_text\">Nat\u00fcrliche Weine,<\/span><span class=\"dipl_main_text\">mit Respekt und Wissen gez\u00fcchtet werden<\/span><\/h3><\/div>\n\t\t\t\t<\/div>\n\t\t\t<\/div><div class=\"et_pb_module dipl_double_color_heading dipl_double_color_heading_1 \">\n\t\t\t\t\n\t\t\t\t\n\t\t\t\t\n\t\t\t\t\n\t\t\t\t\n\t\t\t\t\n\t\t\t\t<div class=\"et_pb_module_inner\">\n\t\t\t\t\t<div class=\"dipl_text_wrapper\"><h2><span class=\"dipl_text_stack dipl_pre_text_stack\"><span class=\"dipl_pre_text\">Wer sind wir?<\/span><\/span><span class=\"dipl_text_stack dipl_main_text_stack\"><span class=\"dipl_main_text\">Dom\u00e4ne Fritsch<\/span><\/span><span class=\"dipl_text_stack dipl_post_text_stack\"><span class=\"dipl_post_text\">Familienweingut<\/span><\/span><\/h2><\/div>\n\t\t\t\t<\/div>\n\t\t\t<\/div>Das Weingut befindet sich in Marlenheim, am n\u00f6rdlichen Tor der Els\u00e4ssischen Weinstra\u00dfe. Seit mehreren Generationen bauen wir mit Leidenschaft Wein an und sind heute die vierte Generation von Weinbauern. Wir w\u00fcrden uns [&hellip;]<\/p>\n","protected":false},"author":1,"featured_media":0,"parent":0,"menu_order":0,"comment_status":"closed","ping_status":"closed","template":"","meta":{"_et_pb_use_builder":"on","_et_pb_old_content":"","_et_gb_content_width":"","footnotes":""},"class_list":["post-238012","page","type-page","status-publish","hentry"],"yoast_head":"<!-- This site is optimized with the Yoast SEO plugin v26.7 - https:\/\/yoast.com\/wordpress\/plugins\/seo\/ -->\n<title>Domaine Fritsch | Bio-Weine aus dem Elsass in Marlenheim<\/title>\n<meta name=\"description\" content=\"Die Domaine Fritsch hei\u00dft Sie in Marlenheim willkommen, um ihre els\u00e4ssischen Bio-Weine zu entdecken. Seit 4 Generationen unabh\u00e4ngiger Winzer, zwischen Tradition und Leidenschaft.\" \/>\n<meta name=\"robots\" content=\"index, follow, max-snippet:-1, max-image-preview:large, max-video-preview:-1\" \/>\n<link rel=\"canonical\" href=\"https:\/\/domaine-fritsch.com\/de\/\" \/>\n<meta property=\"og:locale\" content=\"de_DE\" \/>\n<meta property=\"og:type\" content=\"article\" \/>\n<meta property=\"og:title\" content=\"Domaine Fritsch | Bio-Weine aus dem Elsass in Marlenheim\" \/>\n<meta property=\"og:description\" content=\"Die Domaine Fritsch hei\u00dft Sie in Marlenheim willkommen, um ihre els\u00e4ssischen Bio-Weine zu entdecken. Seit 4 Generationen unabh\u00e4ngiger Winzer, zwischen Tradition und Leidenschaft.\" \/>\n<meta property=\"og:url\" content=\"https:\/\/domaine-fritsch.com\/de\/\" \/>\n<meta property=\"og:site_name\" content=\"Domaine Fritsch\" \/>\n<meta property=\"article:modified_time\" content=\"2025-09-26T11:48:26+00:00\" \/>\n<meta name=\"twitter:card\" content=\"summary_large_image\" \/>\n<meta name=\"twitter:label1\" content=\"Gesch\u00e4tzte Lesezeit\" \/>\n\t<meta name=\"twitter:data1\" content=\"7\u00a0Minuten\" \/>\n<script type=\"application\/ld+json\" class=\"yoast-schema-graph\">{\"@context\":\"https:\/\/schema.org\",\"@graph\":[{\"@type\":\"WebPage\",\"@id\":\"https:\/\/domaine-fritsch.com\/de\/\",\"url\":\"https:\/\/domaine-fritsch.com\/de\/\",\"name\":\"Domaine Fritsch | Bio-Weine aus dem Elsass in Marlenheim\",\"isPartOf\":{\"@id\":\"https:\/\/domaine-fritsch.com\/de\/#website\"},\"datePublished\":\"2025-02-07T13:52:21+00:00\",\"dateModified\":\"2025-09-26T11:48:26+00:00\",\"description\":\"Die Domaine Fritsch hei\u00dft Sie in Marlenheim willkommen, um ihre els\u00e4ssischen Bio-Weine zu entdecken. Seit 4 Generationen unabh\u00e4ngiger Winzer, zwischen Tradition und Leidenschaft.\",\"breadcrumb\":{\"@id\":\"https:\/\/domaine-fritsch.com\/de\/#breadcrumb\"},\"inLanguage\":\"de\",\"potentialAction\":[{\"@type\":\"ReadAction\",\"target\":[\"https:\/\/domaine-fritsch.com\/de\/\"]}]},{\"@type\":\"BreadcrumbList\",\"@id\":\"https:\/\/domaine-fritsch.com\/de\/#breadcrumb\",\"itemListElement\":[{\"@type\":\"ListItem\",\"position\":1,\"name\":\"Accueil\",\"item\":\"https:\/\/domaine-fritsch.com\/de\/startseite\/\"},{\"@type\":\"ListItem\",\"position\":2,\"name\":\"Startseite\"}]},{\"@type\":\"WebSite\",\"@id\":\"https:\/\/domaine-fritsch.com\/de\/#website\",\"url\":\"https:\/\/domaine-fritsch.com\/de\/\",\"name\":\"Domaine Fritsch\",\"description\":\"Vignerons \u00e0 Marlenheim\",\"potentialAction\":[{\"@type\":\"SearchAction\",\"target\":{\"@type\":\"EntryPoint\",\"urlTemplate\":\"https:\/\/domaine-fritsch.com\/de\/?s={search_term_string}\"},\"query-input\":{\"@type\":\"PropertyValueSpecification\",\"valueRequired\":true,\"valueName\":\"search_term_string\"}}],\"inLanguage\":\"de\"}]}<\/script>\n<!-- \/ Yoast SEO plugin. -->","yoast_head_json":{"title":"Domaine Fritsch | Bio-Weine aus dem Elsass in Marlenheim","description":"Die Domaine Fritsch hei\u00dft Sie in Marlenheim willkommen, um ihre els\u00e4ssischen Bio-Weine zu entdecken. Seit 4 Generationen unabh\u00e4ngiger Winzer, zwischen Tradition und Leidenschaft.","robots":{"index":"index","follow":"follow","max-snippet":"max-snippet:-1","max-image-preview":"max-image-preview:large","max-video-preview":"max-video-preview:-1"},"canonical":"https:\/\/domaine-fritsch.com\/de\/","og_locale":"de_DE","og_type":"article","og_title":"Domaine Fritsch | Bio-Weine aus dem Elsass in Marlenheim","og_description":"Die Domaine Fritsch hei\u00dft Sie in Marlenheim willkommen, um ihre els\u00e4ssischen Bio-Weine zu entdecken. Seit 4 Generationen unabh\u00e4ngiger Winzer, zwischen Tradition und Leidenschaft.","og_url":"https:\/\/domaine-fritsch.com\/de\/","og_site_name":"Domaine Fritsch","article_modified_time":"2025-09-26T11:48:26+00:00","twitter_card":"summary_large_image","twitter_misc":{"Gesch\u00e4tzte Lesezeit":"7\u00a0Minuten"},"schema":{"@context":"https:\/\/schema.org","@graph":[{"@type":"WebPage","@id":"https:\/\/domaine-fritsch.com\/de\/","url":"https:\/\/domaine-fritsch.com\/de\/","name":"Domaine Fritsch | Bio-Weine aus dem Elsass in Marlenheim","isPartOf":{"@id":"https:\/\/domaine-fritsch.com\/de\/#website"},"datePublished":"2025-02-07T13:52:21+00:00","dateModified":"2025-09-26T11:48:26+00:00","description":"Die Domaine Fritsch hei\u00dft Sie in Marlenheim willkommen, um ihre els\u00e4ssischen Bio-Weine zu entdecken. Seit 4 Generationen unabh\u00e4ngiger Winzer, zwischen Tradition und Leidenschaft.","breadcrumb":{"@id":"https:\/\/domaine-fritsch.com\/de\/#breadcrumb"},"inLanguage":"de","potentialAction":[{"@type":"ReadAction","target":["https:\/\/domaine-fritsch.com\/de\/"]}]},{"@type":"BreadcrumbList","@id":"https:\/\/domaine-fritsch.com\/de\/#breadcrumb","itemListElement":[{"@type":"ListItem","position":1,"name":"Accueil","item":"https:\/\/domaine-fritsch.com\/de\/startseite\/"},{"@type":"ListItem","position":2,"name":"Startseite"}]},{"@type":"WebSite","@id":"https:\/\/domaine-fritsch.com\/de\/#website","url":"https:\/\/domaine-fritsch.com\/de\/","name":"Domaine Fritsch","description":"Vignerons \u00e0 Marlenheim","potentialAction":[{"@type":"SearchAction","target":{"@type":"EntryPoint","urlTemplate":"https:\/\/domaine-fritsch.com\/de\/?s={search_term_string}"},"query-input":{"@type":"PropertyValueSpecification","valueRequired":true,"valueName":"search_term_string"}}],"inLanguage":"de"}]}},"_links":{"self":[{"href":"https:\/\/domaine-fritsch.com\/de\/wp-json\/wp\/v2\/pages\/238012","targetHints":{"allow":["GET"]}}],"collection":[{"href":"https:\/\/domaine-fritsch.com\/de\/wp-json\/wp\/v2\/pages"}],"about":[{"href":"https:\/\/domaine-fritsch.com\/de\/wp-json\/wp\/v2\/types\/page"}],"author":[{"embeddable":true,"href":"https:\/\/domaine-fritsch.com\/de\/wp-json\/wp\/v2\/users\/1"}],"replies":[{"embeddable":true,"href":"https:\/\/domaine-fritsch.com\/de\/wp-json\/wp\/v2\/comments?post=238012"}],"version-history":[{"count":7,"href":"https:\/\/domaine-fritsch.com\/de\/wp-json\/wp\/v2\/pages\/238012\/revisions"}],"predecessor-version":[{"id":238142,"href":"https:\/\/domaine-fritsch.com\/de\/wp-json\/wp\/v2\/pages\/238012\/revisions\/238142"}],"wp:attachment":[{"href":"https:\/\/domaine-fritsch.com\/de\/wp-json\/wp\/v2\/media?parent=238012"}],"curies":[{"name":"wp","href":"https:\/\/api.w.org\/{rel}","templated":true}]}}