{"id":238039,"date":"2025-02-07T13:58:38","date_gmt":"2025-02-07T13:58:38","guid":{"rendered":"https:\/\/www.domaine-fritsch.envol-dev.com\/domain\/"},"modified":"2025-07-24T04:28:10","modified_gmt":"2025-07-24T04:28:10","slug":"domain","status":"publish","type":"page","link":"https:\/\/domaine-fritsch.com\/de\/domain\/","title":{"rendered":"Domain"},"content":{"rendered":"<p>[et_pb_section fb_built=&#8220;1&#8243; admin_label=&#8220;Header&#8220; _builder_version=&#8220;4.27.4&#8243; _module_preset=&#8220;947731d3-d6c4-4003-9f9f-01cd6811d102&#8243; background_image=&#8220;https:\/\/domaine-fritsch.com\/wp-content\/uploads\/2025\/05\/domaine.jpg&#8220; locked=&#8220;off&#8220; global_colors_info=&#8220;{}&#8220;][et_pb_row _builder_version=&#8220;4.27.4&#8243; _module_preset=&#8220;default&#8220; global_colors_info=&#8220;{}&#8220;][et_pb_column type=&#8220;4_4&#8243; _builder_version=&#8220;4.27.4&#8243; _module_preset=&#8220;default&#8220; global_colors_info=&#8220;{}&#8220;][dipl_double_color_heading heading_pre_part=&#8220;Dom\u00e4ne Fritsch,&#8220; heading_main_part=&#8220;ein Terroir, eine Geschichte, eine Vision&#8220; _builder_version=&#8220;4.27.4&#8243; _module_preset=&#8220;cd4bc3ba-3cd8-4205-b033-7507422efb30&#8243; global_colors_info=&#8220;{}&#8220;][\/dipl_double_color_heading][\/et_pb_column][\/et_pb_row][\/et_pb_section][et_pb_section fb_built=&#8220;1&#8243; admin_label=&#8220;Domaine&#8220; _builder_version=&#8220;4.27.4&#8243; _module_preset=&#8220;default&#8220; global_colors_info=&#8220;{}&#8220;][et_pb_row column_structure=&#8220;1_2,1_2&#8243; make_equal=&#8220;on&#8220; _builder_version=&#8220;4.27.4&#8243; _module_preset=&#8220;5ff29c2b-51a6-4a70-be05-1f23a8c05d5b&#8220; global_colors_info=&#8220;{}&#8220;][et_pb_column type=&#8220;1_2&#8243; _builder_version=&#8220;4.27.4&#8243; _module_preset=&#8220;default&#8220; custom_css_main_element=&#8220;margin:auto;&#8220; global_colors_info=&#8220;{}&#8220;][dipl_double_color_heading heading_pre_part=&#8220;Dom\u00e4ne&#8220; heading_main_part=&#8220;Ein Weingut&#8220; heading_post_part=&#8220;  famili\u00e4r und hundert Jahre alt&#8220; display_in_stack=&#8220;on&#8220; _builder_version=&#8220;4.27.4&#8243; _module_preset=&#8220;9368657c-b42a-4a17-93e9-b797fd8cc36f&#8220; global_colors_info=&#8220;{}&#8220;][\/dipl_double_color_heading][et_pb_text _builder_version=&#8220;4.27.4&#8243; _module_preset=&#8220;9dca8150-b708-4a54-8d5e-9f9184724954&#8243; global_colors_info=&#8220;{}&#8220;]<\/p>\n<p>Die Familie Fritsch, die seit 1903 auf dem Weingut ans\u00e4ssig ist, entwickelte die Weinproduktion in den 50er Jahren. Vier Generationen von Weinbauern folgen aufeinander und geben ihre Leidenschaft f\u00fcr den Weinbau weiter. Heute umfasst unser Betrieb 7 Hektar Weinberge, die es uns erm\u00f6glichen, Weine mit unterschiedlichen Profilen anzubieten.  <\/p>\n<p>[\/et_pb_text][\/et_pb_column][et_pb_column type=&#8220;1_2&#8243; _builder_version=&#8220;4.27.4&#8243; _module_preset=&#8220;default&#8220; global_colors_info=&#8220;{}&#8220;][et_pb_image src=&#8220;https:\/\/domaine-fritsch.com\/wp-content\/uploads\/2025\/05\/devanture.jpg&#8220; title_text=&#8220;Vorderseite&#8220; _builder_version=&#8220;4.27.4&#8243; _module_preset=&#8220;default&#8220; custom_margin_tablet=&#8220;4rem||||false|false&#8220; custom_margin_phone=&#8220;4rem||||false|false&#8220; custom_margin_last_edited=&#8220;on|tablet&#8220; animation_style=&#8220;fade&#8220; animation_delay=&#8220;500ms&#8220; global_colors_info=&#8220;{}&#8220;][\/et_pb_image][\/et_pb_column][\/et_pb_row][\/et_pb_section][et_pb_section fb_built=&#8220;1&#8243; prev_background_color=&#8220;#ffffff&#8220; next_background_color=&#8220;#ffffff&#8220; _builder_version=&#8220;4.27.4&#8243; _module_preset=&#8220;default&#8220; background_enable_color=&#8220;off&#8220; use_background_color_gradient=&#8220;on&#8220; background_color_gradient_stops=&#8220;rgba(0,0,0,0.5) 0%|rgba(0,0,0,0.8) 100%&#8220; background_color_gradient_overlays_image=&#8220;on&#8220; background_image=&#8220;https:\/\/domaine-fritsch.com\/wp-content\/uploads\/2025\/05\/divider.jpg&#8220; min_height=&#8220;350px&#8220; top_divider_style=&#8220;slant&#8220; bottom_divider_style=&#8220;slant&#8220; global_colors_info=&#8220;{}&#8220;][\/et_pb_section][et_pb_section fb_built=&#8220;1&#8243; admin_label=&#8220;Histoire&#8220; _builder_version=&#8220;4.27.4&#8243; _module_preset=&#8220;default&#8220; global_colors_info=&#8220;{}&#8220;][et_pb_row _builder_version=&#8220;4.27.4&#8243; _module_preset=&#8220;5ff29c2b-51a6-4a70-be05-1f23a8c05d5b&#8220; custom_margin=&#8220;||||false|false&#8220; custom_padding=&#8220;0px||||false|false&#8220; global_colors_info=&#8220;{}&#8220;][et_pb_column type=&#8220;4_4&#8243; _builder_version=&#8220;4.27.4&#8243; _module_preset=&#8220;default&#8220; global_colors_info=&#8220;{}&#8220;][dipl_double_color_heading heading_pre_part=&#8220;Geschichte&#8220; heading_main_part=&#8220;Dom\u00e4ne Fritsch&#8220; heading_post_part=&#8220;eine lange Geschichte&#8220; display_in_stack=&#8220;on&#8220; _builder_version=&#8220;4.27.4&#8243; _module_preset=&#8220;9368657c-b42a-4a17-93e9-b797fd8cc36f&#8220; global_heading_settings_text_align=&#8220;center&#8220; global_colors_info=&#8220;{}&#8220;][\/dipl_double_color_heading][dipl_timeline global_timeline_icon_color=&#8220;#4B2B2B&#8220; timeline_bar_fill_color=&#8220;#4B2B2B&#8220; global_timeline_background_color=&#8220;#F7F7F5&#8243; _builder_version=&#8220;4.27.4&#8243; _module_preset=&#8220;default&#8220; global_timeline_header_font=&#8220;Lora|500|on||||||&#8220; global_timeline_header_text_color=&#8220;#4B2B2B&#8220; global_timeline_header_font_size=&#8220;1.5rem&#8220; global_timeline_text_font=&#8220;Hind|300|||||||&#8220; global_timeline_text_text_color=&#8220;RGBA(0,0,0,0.8)&#8220; global_timeline_text_font_size=&#8220;1rem&#8220; global_timeline_date_font=&#8220;Hind|500||on|||||&#8220; global_timeline_date_text_color=&#8220;RGBA(0,0,0,0.8)&#8220; global_timeline_date_font_size=&#8220;1rem&#8220; width=&#8220;60%&#8220; module_alignment=&#8220;center&#8220; global_colors_info=&#8220;{}&#8220;][dipl_timeline_item timeline_title=&#8220;Die Sch\u00f6pfung&#8220; display_time=&#8220;on&#8220; timeline_custom_time=&#8220;50er Jahre&#8220; _builder_version=&#8220;4.27.4&#8243; _module_preset=&#8220;default&#8220; global_colors_info=&#8220;{}&#8220;]<\/p>\n<p><span style=\"font-weight: 400;\">Victor und J\u00e9r\u00f4me gr\u00fcnden das Weingut und schaffen die erste Infrastruktur.<\/span><\/p>\n<p>[\/dipl_timeline_item][dipl_timeline_item timeline_title=&#8220;Lyra-Rebe&#8220; display_time=&#8220;on&#8220; timeline_custom_time=&#8220;80er Jahre&#8220; _builder_version=&#8220;4.27.4&#8243; _module_preset=&#8220;default&#8220; global_colors_info=&#8220;{}&#8220;]<\/p>\n<p><span style=\"font-weight: 400;\">Romain lie\u00df sich nieder und f\u00fchrte den Anbau von Lyra-Reben ein.<\/span><\/p>\n<p>[\/dipl_timeline_item][dipl_timeline_item timeline_title=&#8220;J\u00e9r\u00e9mie&#8220; display_time=&#8220;on&#8220; timeline_custom_time=&#8220;2012&#8243; _builder_version=&#8220;4.27.4&#8243; _module_preset=&#8220;default&#8220; global_colors_info=&#8220;{}&#8220;]<\/p>\n<p><span style=\"font-weight: 400;\">J\u00e9r\u00e9mie verk\u00f6rpert die neue Generation und beginnt mit den \u00dcberlegungen zu resistenten Rebsorten im Rotweinbereich.<\/span><\/p>\n<p>[\/dipl_timeline_item][dipl_timeline_item timeline_title=&#8220;Bio&#8220; display_time=&#8220;on&#8220; timeline_custom_time=&#8220;2022&#8243; _builder_version=&#8220;4.27.4&#8243; _module_preset=&#8220;default&#8220; global_colors_info=&#8220;{}&#8220;]<\/p>\n<p><span style=\"font-weight: 400;\">Im Rahmen unseres Umweltansatzes wurde ein neuer Meilenstein erreicht.<\/span><span style=\"font-weight: 400;\"> Unsere Weine sind zertifiziert.<\/span> <span style=\"font-weight: 400;\">Biologische Landwirtschaft.<\/span><span style=\"font-weight: 400;\"><br \/><\/span><\/p>\n<p>[\/dipl_timeline_item][\/dipl_timeline][\/et_pb_column][\/et_pb_row][\/et_pb_section][et_pb_section fb_built=&#8220;1&#8243; prev_background_color=&#8220;#ffffff&#8220; next_background_color=&#8220;#ffffff&#8220; _builder_version=&#8220;4.27.4&#8243; _module_preset=&#8220;default&#8220; background_enable_color=&#8220;off&#8220; use_background_color_gradient=&#8220;on&#8220; background_color_gradient_stops=&#8220;rgba(0,0,0,0.5) 0%|rgba(0,0,0,0.8) 100%&#8220; background_color_gradient_overlays_image=&#8220;on&#8220; background_image=&#8220;https:\/\/domaine-fritsch.com\/wp-content\/uploads\/2025\/05\/divider3.jpg&#8220; min_height=&#8220;350px&#8220; top_divider_style=&#8220;slant&#8220; bottom_divider_style=&#8220;slant&#8220; global_colors_info=&#8220;{}&#8220;][\/et_pb_section][et_pb_section fb_built=&#8220;1&#8243; admin_label=&#8220;Philosophie&#8220; _builder_version=&#8220;4.27.4&#8243; _module_preset=&#8220;default&#8220; global_colors_info=&#8220;{}&#8220;][et_pb_row column_structure=&#8220;1_2,1_4,1_4&#8243; make_equal=&#8220;on&#8220; _builder_version=&#8220;4.27.4&#8243; _module_preset=&#8220;5ff29c2b-51a6-4a70-be05-1f23a8c05d5b&#8220; global_colors_info=&#8220;{}&#8220;][et_pb_column type=&#8220;1_2&#8243; _builder_version=&#8220;4.27.4&#8243; _module_preset=&#8220;default&#8220; custom_css_main_element=&#8220;margin:auto;&#8220; global_colors_info=&#8220;{}&#8220;][dipl_double_color_heading heading_pre_part=&#8220;Philosophie&#8220; heading_main_part=&#8220;Tradition und Moderne&#8220; heading_post_part=&#8220;f\u00fcr einen verantwortungsvollen Weinbau&#8220; display_in_stack=&#8220;on&#8220; _builder_version=&#8220;4.27.4&#8243; _module_preset=&#8220;9368657c-b42a-4a17-93e9-b797fd8cc36f&#8220; global_colors_info=&#8220;{}&#8220;][\/dipl_double_color_heading][et_pb_text _builder_version=&#8220;4.27.4&#8243; _module_preset=&#8220;9dca8150-b708-4a54-8d5e-9f9184724954&#8243; hover_enabled=&#8220;0&#8243; global_colors_info=&#8220;{}&#8220; sticky_enabled=&#8220;0&#8243;]<\/p>\n<p>Obwohl die Domaine Fritsch in der els\u00e4ssischen Tradition verwurzelt ist, probiert sie gerne neue Anbaumethoden, Rebsorten und alternative Weinbereitungsmethoden aus, um die Auswirkungen auf die Umwelt zu reduzieren. Unsere Weine spiegeln somit das Ergebnis der Verbindung von Tradition und Moderne wider. <\/p>\n<p>[\/et_pb_text][\/et_pb_column][et_pb_column type=&#8220;1_4&#8243; _builder_version=&#8220;4.27.4&#8243; _module_preset=&#8220;default&#8220; global_colors_info=&#8220;{}&#8220;][et_pb_image src=&#8220;https:\/\/domaine-fritsch.com\/wp-content\/uploads\/2025\/05\/tradition.jpg&#8220; title_text=&#8220;Tradition&#8220; _builder_version=&#8220;4.27.4&#8243; _module_preset=&#8220;default&#8220; custom_margin=&#8220;||||false|false&#8220; custom_margin_tablet=&#8220;3rem||||false|false&#8220; custom_margin_phone=&#8220;3rem||||false|false&#8220; custom_margin_last_edited=&#8220;on|tablet&#8220; animation_style=&#8220;fade&#8220; global_colors_info=&#8220;{}&#8220;][\/et_pb_image][\/et_pb_column][et_pb_column type=&#8220;1_4&#8243; _builder_version=&#8220;4.27.4&#8243; _module_preset=&#8220;default&#8220; global_colors_info=&#8220;{}&#8220;][et_pb_image src=&#8220;https:\/\/domaine-fritsch.com\/wp-content\/uploads\/2025\/05\/modernite.jpg&#8220; title_text=&#8220;Modernit\u00e4t&#8220; _builder_version=&#8220;4.27.4&#8243; _module_preset=&#8220;default&#8220; custom_margin=&#8220;3rem||||false|false&#8220; custom_margin_tablet=&#8220;6rem||||false|false&#8220; custom_margin_phone=&#8220;0rem||||false|false&#8220; custom_margin_last_edited=&#8220;on|phone&#8220; animation_style=&#8220;fade&#8220; animation_delay=&#8220;500ms&#8220; global_colors_info=&#8220;{}&#8220;][\/et_pb_image][\/et_pb_column][\/et_pb_row][\/et_pb_section][et_pb_section fb_built=&#8220;1&#8243; admin_label=&#8220;Terroir&#8220; _builder_version=&#8220;4.27.4&#8243; _module_preset=&#8220;default&#8220; global_colors_info=&#8220;{}&#8220;][et_pb_row column_structure=&#8220;1_4,1_4,1_2&#8243; make_equal=&#8220;on&#8220; _builder_version=&#8220;4.27.4&#8243; _module_preset=&#8220;5ff29c2b-51a6-4a70-be05-1f23a8c05d5b&#8220; custom_css_main_element=&#8220;display: flex;||flex-wrap: wrap;&#8220; global_colors_info=&#8220;{}&#8220;][et_pb_column type=&#8220;1_4&#8243; admin_label=&#8220;Foto 1&#8243; _builder_version=&#8220;4.27.4&#8243; _module_preset=&#8220;default&#8220; custom_css_main_element=&#8220;order:1;&#8220; global_colors_info=&#8220;{}&#8220; custom_css_main_element_last_edited=&#8220;on|tablet&#8220; custom_css_main_element_tablet=&#8220;order:2;&#8220; custom_css_main_element_phone=&#8220;order:2;&#8220;][et_pb_image src=&#8220;https:\/\/domaine-fritsch.com\/wp-content\/uploads\/2025\/05\/sol.jpg&#8220; title_text=&#8220;Boden&#8220; _builder_version=&#8220;4.27.4&#8243; _module_preset=&#8220;default&#8220; custom_margin=&#8220;3rem||||false|false&#8220; custom_margin_tablet=&#8220;6rem||||false|false&#8220; custom_margin_phone=&#8220;3rem||||false|false&#8220; custom_margin_last_edited=&#8220;on|phone&#8220; animation_style=&#8220;fade&#8220; global_colors_info=&#8220;{}&#8220;][\/et_pb_image][\/et_pb_column][et_pb_column type=&#8220;1_4&#8243; admin_label=&#8220;Foto 2&#8243; _builder_version=&#8220;4.27.4&#8243; _module_preset=&#8220;default&#8220; custom_css_main_element=&#8220;order:2;&#8220; global_colors_info=&#8220;{}&#8220; custom_css_main_element_last_edited=&#8220;on|tablet&#8220; custom_css_main_element_tablet=&#8220;order:3;&#8220; custom_css_main_element_phone=&#8220;order:3;&#8220;][et_pb_image src=&#8220;https:\/\/domaine-fritsch.com\/wp-content\/uploads\/2025\/05\/calcaire-1.jpg&#8220; title_text=&#8220;Kalkstein&#8220; _builder_version=&#8220;4.27.4&#8243; _module_preset=&#8220;default&#8220; custom_margin_tablet=&#8220;3rem||||false|false&#8220; custom_margin_phone=&#8220;0rem||||false|false&#8220; custom_margin_last_edited=&#8220;on|phone&#8220; animation_style=&#8220;fade&#8220; animation_delay=&#8220;500ms&#8220; global_colors_info=&#8220;{}&#8220;][\/et_pb_image][\/et_pb_column][et_pb_column type=&#8220;1_2&#8243; admin_label=&#8220;Text&#8220; _builder_version=&#8220;4.27.4&#8243; _module_preset=&#8220;default&#8220; custom_css_main_element=&#8220;margin:auto;||order:3;&#8220; global_colors_info=&#8220;{}&#8220; custom_css_main_element_last_edited=&#8220;on|tablet&#8220; custom_css_main_element_tablet=&#8220;margin:auto;||order:1;&#8220; custom_css_main_element_phone=&#8220;margin:auto;||order:1;&#8220;][dipl_double_color_heading heading_pre_part=&#8220;Terroir&#8220; heading_main_part=&#8220;Ein kalkhaltiges Terroir&#8220; heading_post_part=&#8220;Au\u00dfergew\u00f6hnlich&#8220; display_in_stack=&#8220;on&#8220; _builder_version=&#8220;4.27.4&#8243; _module_preset=&#8220;9368657c-b42a-4a17-93e9-b797fd8cc36f&#8220; global_colors_info=&#8220;{}&#8220;][\/dipl_double_color_heading][et_pb_text _builder_version=&#8220;4.27.4&#8243; _module_preset=&#8220;9dca8150-b708-4a54-8d5e-9f9184724954&#8243; global_colors_info=&#8220;{}&#8220;]<\/p>\n<p>Der H\u00fcgel von Marlenheim bietet uns ein kalkhaltiges Terroir und eine S\u00fcd-S\u00fcd-Ost-Ausrichtung, die ideal f\u00fcr den Weinanbau sind. Die Weine, die hier produziert werden, bringen ihre sortentypischen Aromen in ihrer Jugend zur Geltung und verf\u00fcgen \u00fcber ein gro\u00dfes Lagerungspotenzial. Unsere Aufgabe ist es, den Reichtum dieses Bodens und sein Potenzial in unseren Weinen zu entfalten.  <\/p>\n<p>[\/et_pb_text][\/et_pb_column][\/et_pb_row][\/et_pb_section]<\/p>\n","protected":false},"excerpt":{"rendered":"<p><div class=\"et_pb_module dipl_double_color_heading dipl_double_color_heading_0 et_animated \">\n\t\t\t\t\n\t\t\t\t\n\t\t\t\t\n\t\t\t\t\n\t\t\t\t\n\t\t\t\t\n\t\t\t\t<div class=\"et_pb_module_inner\">\n\t\t\t\t\t<div class=\"dipl_text_wrapper\"><h1><span class=\"dipl_pre_text\">Dom\u00e4ne Fritsch,<\/span><span class=\"dipl_main_text\">ein Terroir, eine Geschichte, eine Vision<\/span><\/h1><\/div>\n\t\t\t\t<\/div>\n\t\t\t<\/div><div class=\"et_pb_module dipl_double_color_heading dipl_double_color_heading_1 \">\n\t\t\t\t\n\t\t\t\t\n\t\t\t\t\n\t\t\t\t\n\t\t\t\t\n\t\t\t\t\n\t\t\t\t<div class=\"et_pb_module_inner\">\n\t\t\t\t\t<div class=\"dipl_text_wrapper\"><h2><span class=\"dipl_text_stack dipl_pre_text_stack\"><span class=\"dipl_pre_text\">Dom\u00e4ne<\/span><\/span><span class=\"dipl_text_stack dipl_main_text_stack\"><span class=\"dipl_main_text\">Ein Weingut<\/span><\/span><span class=\"dipl_text_stack dipl_post_text_stack\"><span class=\"dipl_post_text\">famili\u00e4r und hundert Jahre alt<\/span><\/span><\/h2><\/div>\n\t\t\t\t<\/div>\n\t\t\t<\/div>Die Familie Fritsch, die seit 1903 auf dem Weingut ans\u00e4ssig ist, entwickelte die Weinproduktion in den 50er Jahren. Vier Generationen von Weinbauern folgen aufeinander und geben ihre Leidenschaft f\u00fcr den Weinbau [&hellip;]<\/p>\n","protected":false},"author":1,"featured_media":0,"parent":0,"menu_order":0,"comment_status":"closed","ping_status":"closed","template":"","meta":{"_et_pb_use_builder":"on","_et_pb_old_content":"","_et_gb_content_width":"","footnotes":""},"class_list":["post-238039","page","type-page","status-publish","hentry"],"yoast_head":"<!-- This site is optimized with the Yoast SEO plugin v26.7 - https:\/\/yoast.com\/wordpress\/plugins\/seo\/ -->\n<title>Domaine Fritsch | Bio-Winzer in Marlenheim seit 1903<\/title>\n<meta name=\"description\" content=\"Die Domaine Fritsch, seit 1903 Familienwinzer in Marlenheim, bewirtschaftet 7 ha Weinberge in Bio-Qualit\u00e4t. Eine Geschichte zwischen Terroir, Tradition und Moderne.\" \/>\n<meta name=\"robots\" content=\"index, follow, max-snippet:-1, max-image-preview:large, max-video-preview:-1\" \/>\n<link rel=\"canonical\" href=\"https:\/\/domaine-fritsch.com\/de\/domain\/\" \/>\n<meta property=\"og:locale\" content=\"de_DE\" \/>\n<meta property=\"og:type\" content=\"article\" \/>\n<meta property=\"og:title\" content=\"Domaine Fritsch | Bio-Winzer in Marlenheim seit 1903\" \/>\n<meta property=\"og:description\" content=\"Die Domaine Fritsch, seit 1903 Familienwinzer in Marlenheim, bewirtschaftet 7 ha Weinberge in Bio-Qualit\u00e4t. Eine Geschichte zwischen Terroir, Tradition und Moderne.\" \/>\n<meta property=\"og:url\" content=\"https:\/\/domaine-fritsch.com\/de\/domain\/\" \/>\n<meta property=\"og:site_name\" content=\"Domaine Fritsch\" \/>\n<meta property=\"article:modified_time\" content=\"2025-07-24T04:28:10+00:00\" \/>\n<meta name=\"twitter:card\" content=\"summary_large_image\" \/>\n<meta name=\"twitter:label1\" content=\"Gesch\u00e4tzte Lesezeit\" \/>\n\t<meta name=\"twitter:data1\" content=\"8\u00a0Minuten\" \/>\n<script type=\"application\/ld+json\" class=\"yoast-schema-graph\">{\"@context\":\"https:\/\/schema.org\",\"@graph\":[{\"@type\":\"WebPage\",\"@id\":\"https:\/\/domaine-fritsch.com\/de\/domain\/\",\"url\":\"https:\/\/domaine-fritsch.com\/de\/domain\/\",\"name\":\"Domaine Fritsch | Bio-Winzer in Marlenheim seit 1903\",\"isPartOf\":{\"@id\":\"https:\/\/domaine-fritsch.com\/de\/#website\"},\"datePublished\":\"2025-02-07T13:58:38+00:00\",\"dateModified\":\"2025-07-24T04:28:10+00:00\",\"description\":\"Die Domaine Fritsch, seit 1903 Familienwinzer in Marlenheim, bewirtschaftet 7 ha Weinberge in Bio-Qualit\u00e4t. Eine Geschichte zwischen Terroir, Tradition und Moderne.\",\"breadcrumb\":{\"@id\":\"https:\/\/domaine-fritsch.com\/de\/domain\/#breadcrumb\"},\"inLanguage\":\"de\",\"potentialAction\":[{\"@type\":\"ReadAction\",\"target\":[\"https:\/\/domaine-fritsch.com\/de\/domain\/\"]}]},{\"@type\":\"BreadcrumbList\",\"@id\":\"https:\/\/domaine-fritsch.com\/de\/domain\/#breadcrumb\",\"itemListElement\":[{\"@type\":\"ListItem\",\"position\":1,\"name\":\"Accueil\",\"item\":\"https:\/\/domaine-fritsch.com\/de\/startseite\/\"},{\"@type\":\"ListItem\",\"position\":2,\"name\":\"Domain\"}]},{\"@type\":\"WebSite\",\"@id\":\"https:\/\/domaine-fritsch.com\/de\/#website\",\"url\":\"https:\/\/domaine-fritsch.com\/de\/\",\"name\":\"Domaine Fritsch\",\"description\":\"Vignerons \u00e0 Marlenheim\",\"potentialAction\":[{\"@type\":\"SearchAction\",\"target\":{\"@type\":\"EntryPoint\",\"urlTemplate\":\"https:\/\/domaine-fritsch.com\/de\/?s={search_term_string}\"},\"query-input\":{\"@type\":\"PropertyValueSpecification\",\"valueRequired\":true,\"valueName\":\"search_term_string\"}}],\"inLanguage\":\"de\"}]}<\/script>\n<!-- \/ Yoast SEO plugin. -->","yoast_head_json":{"title":"Domaine Fritsch | Bio-Winzer in Marlenheim seit 1903","description":"Die Domaine Fritsch, seit 1903 Familienwinzer in Marlenheim, bewirtschaftet 7 ha Weinberge in Bio-Qualit\u00e4t. Eine Geschichte zwischen Terroir, Tradition und Moderne.","robots":{"index":"index","follow":"follow","max-snippet":"max-snippet:-1","max-image-preview":"max-image-preview:large","max-video-preview":"max-video-preview:-1"},"canonical":"https:\/\/domaine-fritsch.com\/de\/domain\/","og_locale":"de_DE","og_type":"article","og_title":"Domaine Fritsch | Bio-Winzer in Marlenheim seit 1903","og_description":"Die Domaine Fritsch, seit 1903 Familienwinzer in Marlenheim, bewirtschaftet 7 ha Weinberge in Bio-Qualit\u00e4t. Eine Geschichte zwischen Terroir, Tradition und Moderne.","og_url":"https:\/\/domaine-fritsch.com\/de\/domain\/","og_site_name":"Domaine Fritsch","article_modified_time":"2025-07-24T04:28:10+00:00","twitter_card":"summary_large_image","twitter_misc":{"Gesch\u00e4tzte Lesezeit":"8\u00a0Minuten"},"schema":{"@context":"https:\/\/schema.org","@graph":[{"@type":"WebPage","@id":"https:\/\/domaine-fritsch.com\/de\/domain\/","url":"https:\/\/domaine-fritsch.com\/de\/domain\/","name":"Domaine Fritsch | Bio-Winzer in Marlenheim seit 1903","isPartOf":{"@id":"https:\/\/domaine-fritsch.com\/de\/#website"},"datePublished":"2025-02-07T13:58:38+00:00","dateModified":"2025-07-24T04:28:10+00:00","description":"Die Domaine Fritsch, seit 1903 Familienwinzer in Marlenheim, bewirtschaftet 7 ha Weinberge in Bio-Qualit\u00e4t. Eine Geschichte zwischen Terroir, Tradition und Moderne.","breadcrumb":{"@id":"https:\/\/domaine-fritsch.com\/de\/domain\/#breadcrumb"},"inLanguage":"de","potentialAction":[{"@type":"ReadAction","target":["https:\/\/domaine-fritsch.com\/de\/domain\/"]}]},{"@type":"BreadcrumbList","@id":"https:\/\/domaine-fritsch.com\/de\/domain\/#breadcrumb","itemListElement":[{"@type":"ListItem","position":1,"name":"Accueil","item":"https:\/\/domaine-fritsch.com\/de\/startseite\/"},{"@type":"ListItem","position":2,"name":"Domain"}]},{"@type":"WebSite","@id":"https:\/\/domaine-fritsch.com\/de\/#website","url":"https:\/\/domaine-fritsch.com\/de\/","name":"Domaine Fritsch","description":"Vignerons \u00e0 Marlenheim","potentialAction":[{"@type":"SearchAction","target":{"@type":"EntryPoint","urlTemplate":"https:\/\/domaine-fritsch.com\/de\/?s={search_term_string}"},"query-input":{"@type":"PropertyValueSpecification","valueRequired":true,"valueName":"search_term_string"}}],"inLanguage":"de"}]}},"_links":{"self":[{"href":"https:\/\/domaine-fritsch.com\/de\/wp-json\/wp\/v2\/pages\/238039","targetHints":{"allow":["GET"]}}],"collection":[{"href":"https:\/\/domaine-fritsch.com\/de\/wp-json\/wp\/v2\/pages"}],"about":[{"href":"https:\/\/domaine-fritsch.com\/de\/wp-json\/wp\/v2\/types\/page"}],"author":[{"embeddable":true,"href":"https:\/\/domaine-fritsch.com\/de\/wp-json\/wp\/v2\/users\/1"}],"replies":[{"embeddable":true,"href":"https:\/\/domaine-fritsch.com\/de\/wp-json\/wp\/v2\/comments?post=238039"}],"version-history":[{"count":5,"href":"https:\/\/domaine-fritsch.com\/de\/wp-json\/wp\/v2\/pages\/238039\/revisions"}],"predecessor-version":[{"id":238047,"href":"https:\/\/domaine-fritsch.com\/de\/wp-json\/wp\/v2\/pages\/238039\/revisions\/238047"}],"wp:attachment":[{"href":"https:\/\/domaine-fritsch.com\/de\/wp-json\/wp\/v2\/media?parent=238039"}],"curies":[{"name":"wp","href":"https:\/\/api.w.org\/{rel}","templated":true}]}}